{"id":19357,"date":"2020-09-28T06:45:33","date_gmt":"2020-09-28T04:45:33","guid":{"rendered":"https:\/\/toiture-dahm.lu\/stellenausschreibungen\/"},"modified":"2025-04-18T17:00:56","modified_gmt":"2025-04-18T15:00:56","slug":"postes-vacants","status":"publish","type":"page","link":"https:\/\/toiture-dahm.lu\/fr\/postes-vacants\/","title":{"rendered":"Postes vacants"},"content":{"rendered":"<p>[et_pb_section fb_built=\u00a0\u00bb1&Prime; fullwidth=\u00a0\u00bbon\u00a0\u00bb _builder_version=\u00a0\u00bb4.16&Prime; _module_preset=\u00a0\u00bbdefault\u00a0\u00bb global_colors_info=\u00a0\u00bb{}\u00a0\u00bb][et_pb_fullwidth_slider show_content_on_mobile=\u00a0\u00bboff\u00a0\u00bb show_cta_on_mobile=\u00a0\u00bboff\u00a0\u00bb _builder_version=\u00a0\u00bb4.16&Prime; _module_preset=\u00a0\u00bbdefault\u00a0\u00bb min_height=\u00a0\u00bb700px\u00a0\u00bb min_height_tablet=\u00a0\u00bb500px\u00a0\u00bb min_height_phone=\u00a0\u00bb400px\u00a0\u00bb min_height_last_edited=\u00a0\u00bbon|desktop\u00a0\u00bb height=\u00a0\u00bb400px\u00a0\u00bb max_height=\u00a0\u00bb400px\u00a0\u00bb custom_margin=\u00a0\u00bb10px||||false|false\u00a0\u00bb global_colors_info=\u00a0\u00bb{}\u00a0\u00bb][et_pb_slide _builder_version=\u00a0\u00bb4.16&Prime; _module_preset=\u00a0\u00bbdefault\u00a0\u00bb header_level=\u00a0\u00bbh1&Prime; header_font=\u00a0\u00bb|700|||||||\u00a0\u00bb header_text_align=\u00a0\u00bbcenter\u00a0\u00bb header_font_size=\u00a0\u00bb100px\u00a0\u00bb background_color=\u00a0\u00bb#e09900&Prime; background_enable_color=\u00a0\u00bbon\u00a0\u00bb background_image=\u00a0\u00bbhttps:\/\/toiture-dahm.lu\/wp-content\/uploads\/2020\/09\/Stellenausschreibungen.jpg\u00a0\u00bb background_enable_image=\u00a0\u00bbon\u00a0\u00bb background_position=\u00a0\u00bbcenter_right\u00a0\u00bb custom_padding=\u00a0\u00bb||||false|false\u00a0\u00bb header_font_size_tablet=\u00a0\u00bb70px\u00a0\u00bb header_font_size_phone=\u00a0\u00bb50px\u00a0\u00bb header_font_size_last_edited=\u00a0\u00bbon|phone\u00a0\u00bb background_last_edited=\u00a0\u00bbon|phone\u00a0\u00bb background_image_phone=\u00a0\u00bbhttps:\/\/toiture-dahm.lu\/wp-content\/uploads\/2020\/10\/Toiture-Dahm-Stellenausstellungen-Mobil-2.jpg\u00a0\u00bb background_enable_image_phone=\u00a0\u00bbon\u00a0\u00bb parallax_phone=\u00a0\u00bboff\u00a0\u00bb background_size_phone=\u00a0\u00bbcover\u00a0\u00bb background_position_phone=\u00a0\u00bbtop_right\u00a0\u00bb background_repeat_phone=\u00a0\u00bbno-repeat\u00a0\u00bb global_colors_info=\u00a0\u00bb{}\u00a0\u00bb title_text_phone=\u00a0\u00bbToiture Dahm &#8211; Stellenausstellungen &#8211; Mobil-2&Prime; sticky_transition=\u00a0\u00bbon\u00a0\u00bb][\/et_pb_slide][\/et_pb_fullwidth_slider][\/et_pb_section][et_pb_section fb_built=\u00a0\u00bb1&Prime; _builder_version=\u00a0\u00bb4.16&Prime; _module_preset=\u00a0\u00bbdefault\u00a0\u00bb global_colors_info=\u00a0\u00bb{}\u00a0\u00bb][et_pb_row _builder_version=\u00a0\u00bb4.16&Prime; global_colors_info=\u00a0\u00bb{}\u00a0\u00bb][et_pb_column type=\u00a0\u00bb4_4&Prime; _builder_version=\u00a0\u00bb4.16&Prime; global_colors_info=\u00a0\u00bb{}\u00a0\u00bb][et_pb_text _builder_version=\u00a0\u00bb4.16&Prime; text_font=\u00a0\u00bbRaleway|700|||||||\u00a0\u00bb text_text_color=\u00a0\u00bb#00143B\u00a0\u00bb text_font_size=\u00a0\u00bb20px\u00a0\u00bb text_line_height=\u00a0\u00bb34px\u00a0\u00bb header_font=\u00a0\u00bbRaleway|700|||||||\u00a0\u00bb header_text_color=\u00a0\u00bb#00143b\u00a0\u00bb text_orientation=\u00a0\u00bbcenter\u00a0\u00bb header_font_size_tablet=\u00a0\u00bb\u00a0\u00bb header_font_size_phone=\u00a0\u00bb25px\u00a0\u00bb header_font_size_last_edited=\u00a0\u00bbon|desktop\u00a0\u00bb global_colors_info=\u00a0\u00bb{}\u00a0\u00bb]<\/p>\n<h1>Postes vacants<\/h1>\n<p>[\/et_pb_text][et_pb_text _builder_version=\u00a0\u00bb4.20.0&Prime; text_font=\u00a0\u00bbRaleway||||||||\u00a0\u00bb text_text_color=\u00a0\u00bb#00143B\u00a0\u00bb text_line_height=\u00a0\u00bb22px\u00a0\u00bb header_2_font=\u00a0\u00bbRaleway||||||||\u00a0\u00bb header_2_text_color=\u00a0\u00bb#00143b\u00a0\u00bb header_2_font_size=\u00a0\u00bb20px\u00a0\u00bb header_3_font=\u00a0\u00bbRaleway||||||||\u00a0\u00bb header_3_text_color=\u00a0\u00bb#00143b\u00a0\u00bb header_3_font_size=\u00a0\u00bb20px\u00a0\u00bb header_4_line_height=\u00a0\u00bb1.2em\u00a0\u00bb text_orientation=\u00a0\u00bbcenter\u00a0\u00bb custom_margin=\u00a0\u00bb||||false|false\u00a0\u00bb custom_padding=\u00a0\u00bb0px||0px||true|false\u00a0\u00bb header_4_text_align_tablet=\u00a0\u00bb\u00a0\u00bb header_4_text_align_phone=\u00a0\u00bbleft\u00a0\u00bb header_4_text_align_last_edited=\u00a0\u00bbon|phone\u00a0\u00bb locked=\u00a0\u00bboff\u00a0\u00bb global_colors_info=\u00a0\u00bb{}\u00a0\u00bb]<\/p>\n<h4><strong>Commencez votre carri\u00e8re chez Toiture Dahm Gregor &#038; Fils S\u00e0rl<\/strong><\/h4>\n<p>[\/et_pb_text][\/et_pb_column][\/et_pb_row][et_pb_row column_structure=\u00a0\u00bb1_2,1_2&Prime; _builder_version=\u00a0\u00bb4.19.5&Prime; locked=\u00a0\u00bboff\u00a0\u00bb global_colors_info=\u00a0\u00bb{}\u00a0\u00bb][et_pb_column type=\u00a0\u00bb1_2&Prime; _builder_version=\u00a0\u00bb4.16&Prime; global_colors_info=\u00a0\u00bb{}\u00a0\u00bb][et_pb_text module_class=\u00a0\u00bbborder-style\u00a0\u00bb _builder_version=\u00a0\u00bb4.20.0&Prime; text_font=\u00a0\u00bbRaleway||||||||\u00a0\u00bb text_text_color=\u00a0\u00bb#00143B\u00a0\u00bb text_line_height=\u00a0\u00bb22px\u00a0\u00bb link_font=\u00a0\u00bb|700|||on|||#e09900|\u00a0\u00bb link_text_color=\u00a0\u00bb#e09900&Prime; header_2_font=\u00a0\u00bbRaleway||||||||\u00a0\u00bb header_2_text_color=\u00a0\u00bb#00143b\u00a0\u00bb header_2_font_size=\u00a0\u00bb20px\u00a0\u00bb header_3_font=\u00a0\u00bbRaleway||||||||\u00a0\u00bb header_3_text_color=\u00a0\u00bb#00143b\u00a0\u00bb header_3_font_size=\u00a0\u00bb20px\u00a0\u00bb custom_margin=\u00a0\u00bb||25px||false|false\u00a0\u00bb custom_padding=\u00a0\u00bb0px||0px|40px|true|false\u00a0\u00bb global_colors_info=\u00a0\u00bb{}\u00a0\u00bb]<\/p>\n<h2><strong>COUVREUR H\/F<\/strong><\/h2>\n<p><a href=\"\/fr\/application\/couvreur-h-f\/\">Postuler maintenant<\/a><strong><\/strong>[\/et_pb_text][et_pb_text module_class=\u00a0\u00bbborder-style\u00a0\u00bb _builder_version=\u00a0\u00bb4.20.0&Prime; text_font=\u00a0\u00bbRaleway||||||||\u00a0\u00bb text_text_color=\u00a0\u00bb#00143B\u00a0\u00bb text_line_height=\u00a0\u00bb22px\u00a0\u00bb link_font=\u00a0\u00bb|700|||on|||#e09900|\u00a0\u00bb link_text_color=\u00a0\u00bb#e09900&Prime; header_2_font=\u00a0\u00bbRaleway||||||||\u00a0\u00bb header_2_text_color=\u00a0\u00bb#00143b\u00a0\u00bb header_2_font_size=\u00a0\u00bb20px\u00a0\u00bb header_3_font=\u00a0\u00bbRaleway||||||||\u00a0\u00bb header_3_text_color=\u00a0\u00bb#00143b\u00a0\u00bb header_3_font_size=\u00a0\u00bb20px\u00a0\u00bb custom_margin=\u00a0\u00bb||25px||false|false\u00a0\u00bb custom_padding=\u00a0\u00bb0px||0px|40px|true|false\u00a0\u00bb global_colors_info=\u00a0\u00bb{}\u00a0\u00bb]<\/p>\n<h2><strong>CHARPENTIER H\/F<\/strong><\/h2>\n<p><a href=\"\/fr\/application\/charpentier-h-f\/\">Postuler maintenant<\/a><\/p>\n<p>[\/et_pb_text][et_pb_text module_class=\u00a0\u00bbborder-style\u00a0\u00bb _builder_version=\u00a0\u00bb4.20.0&Prime; text_font=\u00a0\u00bbRaleway||||||||\u00a0\u00bb text_text_color=\u00a0\u00bb#00143B\u00a0\u00bb text_line_height=\u00a0\u00bb22px\u00a0\u00bb link_font=\u00a0\u00bb|700|||on|||#e09900|\u00a0\u00bb link_text_color=\u00a0\u00bb#e09900&Prime; header_2_font=\u00a0\u00bbRaleway||||||||\u00a0\u00bb header_2_text_color=\u00a0\u00bb#00143b\u00a0\u00bb header_2_font_size=\u00a0\u00bb20px\u00a0\u00bb header_3_font=\u00a0\u00bbRaleway||||||||\u00a0\u00bb header_3_text_color=\u00a0\u00bb#00143b\u00a0\u00bb header_3_font_size=\u00a0\u00bb20px\u00a0\u00bb custom_margin=\u00a0\u00bb||25px||false|false\u00a0\u00bb custom_padding=\u00a0\u00bb0px||0px|40px|true|false\u00a0\u00bb global_colors_info=\u00a0\u00bb{}\u00a0\u00bb]<\/p>\n<h2><strong>PLANIFICATEUR DE TRAVAUX DANS LA CONSTRUCTION EN BOIS<\/strong><\/h2>\n<p>Logiciel de CAO de Dietrich<\/p>\n<p><a href=\"\/fr\/application\/planificateur-de-travaux-dans-la-construction-en-bois\/\">Postuler maintenant<\/a><\/p>\n<p><strong><\/strong><\/p>\n<p>[\/et_pb_text][\/et_pb_column][et_pb_column type=\u00a0\u00bb1_2&Prime; _builder_version=\u00a0\u00bb4.16&Prime; global_colors_info=\u00a0\u00bb{}\u00a0\u00bb][et_pb_text module_class=\u00a0\u00bbborder-style\u00a0\u00bb _builder_version=\u00a0\u00bb4.20.0&Prime; text_font=\u00a0\u00bbRaleway||||||||\u00a0\u00bb text_text_color=\u00a0\u00bb#00143B\u00a0\u00bb text_line_height=\u00a0\u00bb22px\u00a0\u00bb header_2_font=\u00a0\u00bbRaleway||||||||\u00a0\u00bb header_2_text_color=\u00a0\u00bb#00143b\u00a0\u00bb header_2_font_size=\u00a0\u00bb20px\u00a0\u00bb header_3_font=\u00a0\u00bbRaleway||||||||\u00a0\u00bb header_3_text_color=\u00a0\u00bb#00143b\u00a0\u00bb header_3_font_size=\u00a0\u00bb20px\u00a0\u00bb custom_margin=\u00a0\u00bb||0px||false|false\u00a0\u00bb custom_padding=\u00a0\u00bb0px||0px|40px|true|false\u00a0\u00bb global_colors_info=\u00a0\u00bb{}\u00a0\u00bb]<\/p>\n<h4 data-pm-slice=\"1 1 []\"><strong>NOUS VOUS PROPOSONS<\/strong><\/h4>\n<ul>\n<li data-pm-slice=\"1 1 []\">Une \u00e9quipe formidable<\/li>\n<li data-pm-slice=\"1 1 []\">Une r\u00e9mun\u00e9ration sup\u00e9rieure \u00e0 la convention collective<\/li>\n<li>M\u00e9thode de travail moderne avec les techniques les plus r\u00e9centes<\/li>\n<li>Assistance par des camions-grues et des nacelles \u00e9l\u00e9vatrices<\/li>\n<li>Fin de journ\u00e9e le vendredi \u00e0 14h00 (mois d&rsquo;\u00e9t\u00e9)<\/li>\n<li>Boissons et fruits frais fournis<\/li>\n<li>V\u00e9hicule d&rsquo;entreprise<\/li>\n<li>Le d\u00e9placement au chantier est pay\u00e9<\/li>\n<li>Pas de compte d&rsquo;heures suppl\u00e9mentaires pour les jours d&rsquo;intemp\u00e9ries<\/li>\n<li>Les heures suppl\u00e9mentaires sont r\u00e9mun\u00e9r\u00e9es \u00e0 140 %.<\/li>\n<li>Chantiers \u00e0 proximit\u00e9 de l&rsquo;entreprise (principalement dans le nord du pays)<\/li>\n<li>Chantiers vari\u00e9s<\/li>\n<li>Excellente organisation dans tous les domaines<\/li>\n<\/ul>\n<p>[\/et_pb_text][\/et_pb_column][\/et_pb_row][et_pb_row _builder_version=\u00a0\u00bb4.27.4&Prime; global_colors_info=\u00a0\u00bb{}\u00a0\u00bb locked=\u00a0\u00bboff\u00a0\u00bb][et_pb_column type=\u00a0\u00bb4_4&Prime; _builder_version=\u00a0\u00bb4.16&Prime; global_colors_info=\u00a0\u00bb{}\u00a0\u00bb][et_pb_text module_class=\u00a0\u00bbborder-style\u00a0\u00bb _builder_version=\u00a0\u00bb4.27.4&Prime; text_font=\u00a0\u00bbRaleway||||||||\u00a0\u00bb text_text_color=\u00a0\u00bb#00143B\u00a0\u00bb text_line_height=\u00a0\u00bb22px\u00a0\u00bb header_2_font=\u00a0\u00bbRaleway||||||||\u00a0\u00bb header_2_text_color=\u00a0\u00bb#00143b\u00a0\u00bb header_2_font_size=\u00a0\u00bb20px\u00a0\u00bb header_3_font=\u00a0\u00bbRaleway||||||||\u00a0\u00bb header_3_text_color=\u00a0\u00bb#00143b\u00a0\u00bb header_3_font_size=\u00a0\u00bb20px\u00a0\u00bb custom_margin=\u00a0\u00bb||0px||false|false\u00a0\u00bb custom_padding=\u00a0\u00bb0px||0px|40px|true|false\u00a0\u00bb hover_enabled=\u00a0\u00bb0&Prime; global_colors_info=\u00a0\u00bb{}\u00a0\u00bb sticky_enabled=\u00a0\u00bb0&Prime;]\ud83d\udd0e Nous recrutons : Secr\u00e9taire de direction &#038; Comptable (h\/f\/d) \u00e0 temps partiel<br \/>\nDepuis 1982, Toiture Dahm Gregor et Fils S\u00e0rl est synonyme de qualit\u00e9 et d\u2019artisanat d\u2019excellence dans le domaine de la toiture. Entreprise familiale situ\u00e9e \u00e0 Fischbach\/Clervaux, nous proposons des prestations compl\u00e8tes en couverture, charpente, zinguerie et habillage de fa\u00e7ade.<br \/>\nAvec plus de 25 collaborateurs engag\u00e9s, nous faisons partie des entreprises de couverture les plus modernes et comp\u00e9tentes du Luxembourg.<\/p>\n<p>\u2705 Vos missions :<br \/>\nSoutien \u00e0 la direction dans les t\u00e2ches quotidiennes<\/p>\n<p>Gestion autonome de la comptabilit\u00e9<\/p>\n<p>Administration des documents et correspondances<\/p>\n<p>Organisation de l\u2019agenda et du bureau<\/p>\n<p>Communication avec les fiduciaires et les administrations<\/p>\n<p>\ud83d\udcbc Votre profil :<br \/>\nExp\u00e9rience en secr\u00e9tariat et\/ou en comptabilit\u00e9<\/p>\n<p>Ma\u00eetrise des outils MS Office (Word, Excel, Outlook)<\/p>\n<p>M\u00e9thode de travail structur\u00e9e et autonome<\/p>\n<p>Esprit d\u2019\u00e9quipe et discr\u00e9tion<\/p>\n<p>\ud83c\udf81 Ce que nous offrons :<br \/>\nUn cadre de travail agr\u00e9able au sein d\u2019une \u00e9quipe motiv\u00e9e<\/p>\n<p>Horaires flexibles<\/p>\n<p>Une fonction vari\u00e9e avec des responsabilit\u00e9s<\/p>\n<p>Une perspective d\u2019emploi stable \u00e0 long terme<\/p>\n<p>\ud83d\udccd Lieu de travail : Fischbach\/Clervaux<br \/>\n\ud83d\udd52 Temps partiel : Environ 20 \u00e0 25 heures\/semaine<br \/>\n\ud83d\udcc5 Entr\u00e9e en fonction : Imm\u00e9diate ou \u00e0 convenir<br \/>\n\ud83d\udcec Int\u00e9ress\u00e9(e) ?<br \/>\nEnvoyez votre candidature par e-mail \u00e0 : y.dahm@toiture-dahm.lu[\/et_pb_text][\/et_pb_column][\/et_pb_row][\/et_pb_section][et_pb_section fb_built=\u00a0\u00bb1&Prime; _builder_version=\u00a0\u00bb4.5.1&Prime; background_color=\u00a0\u00bb#163d8a\u00a0\u00bb background_image=\u00a0\u00bbhttps:\/\/toiture-dahm.lu\/wp-content\/uploads\/2020\/09\/Toiture-Dahm-Gregor-fils-Kontaktformular-Background-1.jpg\u00a0\u00bb background_size=\u00a0\u00bbinitial\u00a0\u00bb background_position=\u00a0\u00bbbottom_left\u00a0\u00bb background_last_edited=\u00a0\u00bbon|phone\u00a0\u00bb background_enable_image_phone=\u00a0\u00bboff\u00a0\u00bb global_module=\u00a0\u00bb19281&Prime; global_colors_info=\u00a0\u00bb{}\u00a0\u00bb][et_pb_row _builder_version=\u00a0\u00bb4.16&Prime; global_colors_info=\u00a0\u00bb{}\u00a0\u00bb][et_pb_column type=\u00a0\u00bb4_4&Prime; _builder_version=\u00a0\u00bb4.16&Prime; global_colors_info=\u00a0\u00bb{}\u00a0\u00bb][et_pb_text module_class=\u00a0\u00bbtitle-home-banner\u00a0\u00bb _builder_version=\u00a0\u00bb4.16&Prime; text_font=\u00a0\u00bbRaleway|800|||||||\u00a0\u00bb text_text_color=\u00a0\u00bb#ffffff\u00a0\u00bb text_font_size=\u00a0\u00bb30px\u00a0\u00bb text_line_height=\u00a0\u00bb40px\u00a0\u00bb text_orientation=\u00a0\u00bbcenter\u00a0\u00bb global_colors_info=\u00a0\u00bb{}\u00a0\u00bb]<\/p>\n<p>Vous avez besoin d&rsquo;informations compl\u00e9mentaires ?<\/p>\n<p>[\/et_pb_text][et_pb_text _builder_version=\u00a0\u00bb4.16&Prime; text_font=\u00a0\u00bbRaleway|500|||||||\u00a0\u00bb text_text_color=\u00a0\u00bb#ffffff\u00a0\u00bb text_line_height=\u00a0\u00bb26px\u00a0\u00bb text_orientation=\u00a0\u00bbcenter\u00a0\u00bb global_colors_info=\u00a0\u00bb{}\u00a0\u00bb]<\/p>\n<p>Vous avez des questions sur nos services ? Vous pouvez contacter notre service client\u00e8le en remplissant le formulaire de contact !<\/p>\n<p>[\/et_pb_text][et_pb_button button_url=\u00a0\u00bbhttps:\/\/toiture-dahm.lu\/fr\/kontakt\/\u00a0\u00bb button_text=\u00a0\u00bbContactez-nous\u00a0\u00bb button_alignment=\u00a0\u00bbcenter\u00a0\u00bb _builder_version=\u00a0\u00bb4.16&Prime; custom_button=\u00a0\u00bbon\u00a0\u00bb button_text_size=\u00a0\u00bb14px\u00a0\u00bb button_text_color=\u00a0\u00bb#ffffff\u00a0\u00bb button_bg_color=\u00a0\u00bb#e09900&Prime; button_border_width=\u00a0\u00bb0px\u00a0\u00bb button_border_radius=\u00a0\u00bb0px\u00a0\u00bb button_font=\u00a0\u00bbRaleway|700|||||||\u00a0\u00bb button_use_icon=\u00a0\u00bboff\u00a0\u00bb custom_padding=\u00a0\u00bb15px|53px|15px|53px|true|true\u00a0\u00bb global_colors_info=\u00a0\u00bb{}\u00a0\u00bb][\/et_pb_button][\/et_pb_column][\/et_pb_row][\/et_pb_section][et_pb_section fb_built=\u00a0\u00bb1&Prime; disabled_on=\u00a0\u00bbon|on|off\u00a0\u00bb _builder_version=\u00a0\u00bb4.6.6&Prime; _module_preset=\u00a0\u00bbdefault\u00a0\u00bb background_color=\u00a0\u00bb#efefef\u00a0\u00bb min_height=\u00a0\u00bb184px\u00a0\u00bb custom_padding=\u00a0\u00bb50px||50px||true|false\u00a0\u00bb global_module=\u00a0\u00bb18957&Prime; saved_tabs=\u00a0\u00bball\u00a0\u00bb global_colors_info=\u00a0\u00bb{}\u00a0\u00bb][et_pb_row use_custom_gutter=\u00a0\u00bbon\u00a0\u00bb _builder_version=\u00a0\u00bb4.16&Prime; _module_preset=\u00a0\u00bbdefault\u00a0\u00bb width_tablet=\u00a0\u00bb80%\u00a0\u00bb width_phone=\u00a0\u00bb100%\u00a0\u00bb width_last_edited=\u00a0\u00bbon|phone\u00a0\u00bb global_colors_info=\u00a0\u00bb{}\u00a0\u00bb][et_pb_column type=\u00a0\u00bb4_4&Prime; _builder_version=\u00a0\u00bb4.16&Prime; _module_preset=\u00a0\u00bbdefault\u00a0\u00bb global_colors_info=\u00a0\u00bb{}\u00a0\u00bb][et_pb_text _builder_version=\u00a0\u00bb4.16&Prime; _module_preset=\u00a0\u00bbdefault\u00a0\u00bb text_font=\u00a0\u00bbRaleway|700|||||||\u00a0\u00bb text_text_color=\u00a0\u00bb#00143B\u00a0\u00bb text_font_size=\u00a0\u00bb22px\u00a0\u00bb global_colors_info=\u00a0\u00bb{}\u00a0\u00bb]<\/p>\n<p style=\"text-align: center;\">Label r\u00e9compens\u00e9 par<\/p>\n<p>[\/et_pb_text][\/et_pb_column][\/et_pb_row][et_pb_row column_structure=\u00a0\u00bb1_5,1_5,1_5,1_5,1_5&Prime; _builder_version=\u00a0\u00bb4.16&Prime; _module_preset=\u00a0\u00bbdefault\u00a0\u00bb width=\u00a0\u00bb60%\u00a0\u00bb width_tablet=\u00a0\u00bb80%\u00a0\u00bb width_phone=\u00a0\u00bb80%\u00a0\u00bb width_last_edited=\u00a0\u00bbon|desktop\u00a0\u00bb module_alignment=\u00a0\u00bbcenter\u00a0\u00bb global_colors_info=\u00a0\u00bb{}\u00a0\u00bb][et_pb_column type=\u00a0\u00bb1_5&Prime; _builder_version=\u00a0\u00bb4.16&Prime; _module_preset=\u00a0\u00bbdefault\u00a0\u00bb global_colors_info=\u00a0\u00bb{}\u00a0\u00bb][et_pb_image src=\u00a0\u00bbhttps:\/\/toiture-dahm.lu\/wp-content\/uploads\/2020\/09\/made_in_luxembourg_eps.svg\u00a0\u00bb title_text=\u00a0\u00bbmade_in_luxembourg_eps\u00a0\u00bb align=\u00a0\u00bbcenter\u00a0\u00bb _builder_version=\u00a0\u00bb4.16&Prime; _module_preset=\u00a0\u00bbdefault\u00a0\u00bb width_tablet=\u00a0\u00bb50%\u00a0\u00bb width_phone=\u00a0\u00bb50%\u00a0\u00bb width_last_edited=\u00a0\u00bbon|phone\u00a0\u00bb min_height_tablet=\u00a0\u00bb\u00a0\u00bb min_height_phone=\u00a0\u00bb\u00a0\u00bb min_height_last_edited=\u00a0\u00bbon|tablet\u00a0\u00bb global_colors_info=\u00a0\u00bb{}\u00a0\u00bb][\/et_pb_image][\/et_pb_column][et_pb_column type=\u00a0\u00bb1_5&Prime; _builder_version=\u00a0\u00bb4.16&Prime; _module_preset=\u00a0\u00bbdefault\u00a0\u00bb global_colors_info=\u00a0\u00bb{}\u00a0\u00bb][et_pb_image src=\u00a0\u00bbhttps:\/\/toiture-dahm.lu\/wp-content\/uploads\/2020\/09\/Passivhaus.svg\u00a0\u00bb title_text=\u00a0\u00bbPassivhaus\u00a0\u00bb align=\u00a0\u00bbcenter\u00a0\u00bb _builder_version=\u00a0\u00bb4.16&Prime; _module_preset=\u00a0\u00bbdefault\u00a0\u00bb width_tablet=\u00a0\u00bb50%\u00a0\u00bb width_phone=\u00a0\u00bb\u00a0\u00bb width_last_edited=\u00a0\u00bbon|tablet\u00a0\u00bb global_colors_info=\u00a0\u00bb{}\u00a0\u00bb][\/et_pb_image][\/et_pb_column][et_pb_column type=\u00a0\u00bb1_5&Prime; _builder_version=\u00a0\u00bb4.16&Prime; _module_preset=\u00a0\u00bbdefault\u00a0\u00bb global_colors_info=\u00a0\u00bb{}\u00a0\u00bb][et_pb_image src=\u00a0\u00bbhttps:\/\/toiture-dahm.lu\/wp-content\/uploads\/2020\/09\/Energie-fir-DZukunft-Square-2.svg\u00a0\u00bb title_text=\u00a0\u00bbEnergie fir D&rsquo;Zukunft Square &#8211; 2&Prime; align=\u00a0\u00bbcenter\u00a0\u00bb _builder_version=\u00a0\u00bb4.16&Prime; _module_preset=\u00a0\u00bbdefault\u00a0\u00bb width_tablet=\u00a0\u00bb50%\u00a0\u00bb width_phone=\u00a0\u00bb\u00a0\u00bb width_last_edited=\u00a0\u00bbon|tablet\u00a0\u00bb global_colors_info=\u00a0\u00bb{}\u00a0\u00bb][\/et_pb_image][\/et_pb_column][et_pb_column type=\u00a0\u00bb1_5&Prime; _builder_version=\u00a0\u00bb4.16&Prime; _module_preset=\u00a0\u00bbdefault\u00a0\u00bb global_colors_info=\u00a0\u00bb{}\u00a0\u00bb][et_pb_image src=\u00a0\u00bbhttps:\/\/toiture-dahm.lu\/wp-content\/uploads\/2020\/09\/Super-Dreckskescht.png\u00a0\u00bb title_text=\u00a0\u00bbSuper Dreckskescht\u00a0\u00bb align=\u00a0\u00bbcenter\u00a0\u00bb _builder_version=\u00a0\u00bb4.16&Prime; _module_preset=\u00a0\u00bbdefault\u00a0\u00bb width_tablet=\u00a0\u00bb50%\u00a0\u00bb width_phone=\u00a0\u00bb\u00a0\u00bb width_last_edited=\u00a0\u00bbon|tablet\u00a0\u00bb global_colors_info=\u00a0\u00bb{}\u00a0\u00bb][\/et_pb_image][\/et_pb_column][et_pb_column type=\u00a0\u00bb1_5&Prime; _builder_version=\u00a0\u00bb4.16&Prime; _module_preset=\u00a0\u00bbdefault\u00a0\u00bb global_colors_info=\u00a0\u00bb{}\u00a0\u00bb][et_pb_image src=\u00a0\u00bbhttps:\/\/toiture-dahm.lu\/wp-content\/uploads\/2020\/10\/des-deutschen-dachdeckerhandwerks.png\u00a0\u00bb title_text=\u00a0\u00bbdes-deutschen-dachdeckerhandwerks\u00a0\u00bb align=\u00a0\u00bbcenter\u00a0\u00bb _builder_version=\u00a0\u00bb4.16&Prime; _module_preset=\u00a0\u00bbdefault\u00a0\u00bb width_tablet=\u00a0\u00bb50%\u00a0\u00bb width_phone=\u00a0\u00bb\u00a0\u00bb width_last_edited=\u00a0\u00bbon|tablet\u00a0\u00bb global_colors_info=\u00a0\u00bb{}\u00a0\u00bb][\/et_pb_image][\/et_pb_column][\/et_pb_row][\/et_pb_section][et_pb_section fb_built=\u00a0\u00bb1&Prime; disabled_on=\u00a0\u00bboff|off|on\u00a0\u00bb _builder_version=\u00a0\u00bb4.16&Prime; _module_preset=\u00a0\u00bbdefault\u00a0\u00bb background_color=\u00a0\u00bb#efefef\u00a0\u00bb global_colors_info=\u00a0\u00bb{}\u00a0\u00bb][et_pb_row _builder_version=\u00a0\u00bb4.16&Prime; _module_preset=\u00a0\u00bbdefault\u00a0\u00bb global_colors_info=\u00a0\u00bb{}\u00a0\u00bb][et_pb_column type=\u00a0\u00bb4_4&Prime; _builder_version=\u00a0\u00bb4.16&Prime; _module_preset=\u00a0\u00bbdefault\u00a0\u00bb global_colors_info=\u00a0\u00bb{}\u00a0\u00bb][et_pb_text _builder_version=\u00a0\u00bb4.16&Prime; _module_preset=\u00a0\u00bbdefault\u00a0\u00bb text_font=\u00a0\u00bbRaleway|800|||||||\u00a0\u00bb text_text_color=\u00a0\u00bb#00143B\u00a0\u00bb text_font_size=\u00a0\u00bb20px\u00a0\u00bb global_colors_info=\u00a0\u00bb{}\u00a0\u00bb]<\/p>\n<p style=\"text-align: center;\">Label r\u00e9compens\u00e9 par<\/p>\n<p>[\/et_pb_text][\/et_pb_column][\/et_pb_row][et_pb_row _builder_version=\u00a0\u00bb4.16&Prime; _module_preset=\u00a0\u00bbdefault\u00a0\u00bb global_colors_info=\u00a0\u00bb{}\u00a0\u00bb][et_pb_column type=\u00a0\u00bb4_4&Prime; _builder_version=\u00a0\u00bb4.16&Prime; _module_preset=\u00a0\u00bbdefault\u00a0\u00bb global_colors_info=\u00a0\u00bb{}\u00a0\u00bb][et_pb_text _builder_version=\u00a0\u00bb4.16&Prime; _module_preset=\u00a0\u00bbdefault\u00a0\u00bb text_font=\u00a0\u00bbRaleway|800|||||||\u00a0\u00bb text_text_color=\u00a0\u00bb#00143B\u00a0\u00bb text_font_size=\u00a0\u00bb20px\u00a0\u00bb global_colors_info=\u00a0\u00bb{}\u00a0\u00bb]<\/p>\n<p style=\"text-align: center;\"><img decoding=\"async\" src=\"https:\/\/toiture-dahm.lu\/wp-content\/uploads\/2020\/09\/made_in_luxembourg.png\" alt=\"\" width=\"100\" \/> <img decoding=\"async\" src=\"https:\/\/toiture-dahm.lu\/wp-content\/uploads\/2020\/09\/Passivhaus.png\" alt=\"\" width=\"100\" \/> <img decoding=\"async\" src=\"https:\/\/toiture-dahm.lu\/wp-content\/uploads\/2020\/09\/Energie-fir-dzukunft-1.png\" alt=\"\" width=\"120\" \/><img decoding=\"async\" src=\"https:\/\/toiture-dahm.lu\/wp-content\/uploads\/2020\/09\/Super-Dreckskescht.png\" alt=\"\" width=\"100\" \/><img decoding=\"async\" src=\"https:\/\/toiture-dahm.lu\/wp-content\/uploads\/2020\/10\/des-deutschen-dachdeckerhandwerks.png\" alt=\"\" width=\"90\" \/><\/p>\n<p>[\/et_pb_text][\/et_pb_column][\/et_pb_row][\/et_pb_section]<\/p>\n","protected":false},"excerpt":{"rendered":"<p>Postes vacantsCommencez votre carri\u00e8re chez Toiture Dahm Gregor &#038; Fils S\u00e0rlCOUVREUR H\/F Postuler maintenantCHARPENTIER H\/F Postuler maintenantPLANIFICATEUR DE TRAVAUX DANS LA CONSTRUCTION EN BOIS Logiciel de CAO de Dietrich Postuler maintenant NOUS VOUS PROPOSONS Une \u00e9quipe formidable Une r\u00e9mun\u00e9ration sup\u00e9rieure \u00e0 la convention collective M\u00e9thode de travail moderne avec les techniques les plus r\u00e9centes Assistance [&hellip;]<\/p>\n","protected":false},"author":2,"featured_media":0,"parent":0,"menu_order":0,"comment_status":"closed","ping_status":"closed","template":"","meta":{"_acf_changed":false,"_et_pb_use_builder":"on","_et_pb_old_content":"","_et_gb_content_width":"","inline_featured_image":false,"footnotes":""},"class_list":["post-19357","page","type-page","status-publish","hentry"],"acf":[],"_links":{"self":[{"href":"https:\/\/toiture-dahm.lu\/fr\/wp-json\/wp\/v2\/pages\/19357","targetHints":{"allow":["GET"]}}],"collection":[{"href":"https:\/\/toiture-dahm.lu\/fr\/wp-json\/wp\/v2\/pages"}],"about":[{"href":"https:\/\/toiture-dahm.lu\/fr\/wp-json\/wp\/v2\/types\/page"}],"author":[{"embeddable":true,"href":"https:\/\/toiture-dahm.lu\/fr\/wp-json\/wp\/v2\/users\/2"}],"replies":[{"embeddable":true,"href":"https:\/\/toiture-dahm.lu\/fr\/wp-json\/wp\/v2\/comments?post=19357"}],"version-history":[{"count":1,"href":"https:\/\/toiture-dahm.lu\/fr\/wp-json\/wp\/v2\/pages\/19357\/revisions"}],"predecessor-version":[{"id":20947,"href":"https:\/\/toiture-dahm.lu\/fr\/wp-json\/wp\/v2\/pages\/19357\/revisions\/20947"}],"wp:attachment":[{"href":"https:\/\/toiture-dahm.lu\/fr\/wp-json\/wp\/v2\/media?parent=19357"}],"curies":[{"name":"wp","href":"https:\/\/api.w.org\/{rel}","templated":true}]}}